{"id":713,"date":"2022-10-19T11:39:33","date_gmt":"2022-10-19T11:39:33","guid":{"rendered":"https:\/\/www.parqueisol.es\/?page_id=713"},"modified":"2022-11-02T08:47:01","modified_gmt":"2022-11-02T08:47:01","slug":"713-2","status":"publish","type":"page","link":"https:\/\/www.parqueisol.es\/","title":{"rendered":"Inicio"},"content":{"rendered":"[et_pb_section fb_built=\u00bb1&#8243; fullwidth=\u00bbon\u00bb _builder_version=\u00bb4.18.0&#8243; _module_preset=\u00bbdefault\u00bb background_enable_color=\u00bboff\u00bb background_video_mp4=\u00bbhttp:\/\/parqueisol.es\/video\/losjuncospan.mp4&#8243; background_pattern_repeat_origin=\u00bbcenter\u00bb global_colors_info=\u00bb{}\u00bb][et_pb_fullwidth_header subhead=\u00bbUn parque de ocio para toda la familia\u00bb text_orientation=\u00bbcenter\u00bb header_fullscreen=\u00bbon\u00bb header_scroll_down=\u00bbon\u00bb button_one_text=\u00bbContacto\u00bb button_one_url=\u00bb\/#contacto\u00bb button_two_text=\u00bbComo llegar\u00bb button_two_url=\u00bb\/#llegar\u00bb logo_image_url=\u00bbhttp:\/\/www.parqueisol.es\/wp-content\/uploads\/2022\/10\/logopng.png\u00bb _builder_version=\u00bb4.18.0&#8243; _module_preset=\u00bbdefault\u00bb title_font=\u00bbAnton|700|||||||\u00bb title_text_align=\u00bbcenter\u00bb title_text_color=\u00bb#FFFFFF\u00bb title_font_size=\u00bb130px\u00bb title_line_height=\u00bb1.1em\u00bb content_font=\u00bbLato||||||||\u00bb content_text_align=\u00bbcenter\u00bb content_font_size=\u00bb19px\u00bb subhead_font=\u00bbAnton||||||||\u00bb subhead_text_align=\u00bbcenter\u00bb subhead_text_color=\u00bb#EDF000&#8243; subhead_font_size=\u00bb30px\u00bb subhead_line_height=\u00bb2.6em\u00bb background_enable_color=\u00bboff\u00bb use_background_color_gradient=\u00bbon\u00bb background_color_gradient_stops=\u00bbrgba(43,135,218,0.9) 0%|rgba(41,196,169,0.9) 100%\u00bb background_enable_video_mp4=\u00bboff\u00bb background_enable_pattern_style=\u00bbon\u00bb background_pattern_style=\u00bbsquares\u00bb background_pattern_color=\u00bb#0C71C3&#8243; background_pattern_repeat_origin=\u00bbcenter\u00bb background_pattern_blend_mode=\u00bbluminosity\u00bb custom_button_one=\u00bbon\u00bb button_one_text_size=\u00bb18px\u00bb button_one_text_color=\u00bb#FFFFFF\u00bb button_one_border_width=\u00bb2px\u00bb button_one_font=\u00bbLato|700|||||||\u00bb custom_button_two=\u00bbon\u00bb button_two_text_size=\u00bb18px\u00bb button_two_text_color=\u00bb#FFFFFF\u00bb button_two_font=\u00bbLato|700|||||||\u00bb global_colors_info=\u00bb{}\u00bb][\/et_pb_fullwidth_header][\/et_pb_section][et_pb_section fb_built=\u00bb1&#8243; module_id=\u00bbparque\u00bb _builder_version=\u00bb4.18.0&#8243; _module_preset=\u00bbdefault\u00bb use_background_color_gradient=\u00bbon\u00bb background_color_gradient_stops=\u00bbrgba(0,0,0,0.35) 0%|rgba(0,0,0,0.6) 100%\u00bb background_color_gradient_overlays_image=\u00bbon\u00bb background_image=\u00bbhttp:\/\/www.parqueisol.es\/wp-content\/uploads\/2022\/10\/vista-aerea-con-campo-web.jpg\u00bb parallax=\u00bbon\u00bb custom_margin=\u00bb0px||||false|false\u00bb custom_padding=\u00bb140px||140px||false|false\u00bb global_colors_info=\u00bb{}\u00bb][et_pb_row column_structure=\u00bb1_3,2_3&#8243; _builder_version=\u00bb4.18.0&#8243; _module_preset=\u00bbdefault\u00bb global_colors_info=\u00bb{}\u00bb][et_pb_column type=\u00bb1_3&#8243; _builder_version=\u00bb4.18.0&#8243; _module_preset=\u00bbdefault\u00bb background_enable_color=\u00bboff\u00bb custom_padding=\u00bb40px|40px|40px|40px|false|false\u00bb animation_style=\u00bbfade\u00bb border_radii=\u00bbon|20px|20px|20px|20px\u00bb global_colors_info=\u00bb{}\u00bb][\/et_pb_column][et_pb_column type=\u00bb2_3&#8243; _builder_version=\u00bb4.18.0&#8243; _module_preset=\u00bbdefault\u00bb background_enable_color=\u00bboff\u00bb custom_padding=\u00bb40px|40px|40px|40px|false|false\u00bb animation_style=\u00bbfade\u00bb global_colors_info=\u00bb{}\u00bb][et_pb_text _builder_version=\u00bb4.18.0&#8243; _module_preset=\u00bbdefault\u00bb text_font=\u00bbLato||||||||\u00bb text_text_color=\u00bb#000000&#8243; text_font_size=\u00bb15px\u00bb text_line_height=\u00bb1.5em\u00bb header_font=\u00bbAnton|700|||||||\u00bb header_text_color=\u00bb#000000&#8243; header_font_size=\u00bb37px\u00bb background_color=\u00bb#88C4DD\u00bb custom_padding=\u00bb15px|20px|15px|20px|false|false\u00bb animation_style=\u00bbfade\u00bb border_radii=\u00bbon|15px|15px|15px|15px\u00bb box_shadow_style=\u00bbpreset1&#8243; global_colors_info=\u00bb{}\u00bb]\n<h1 class=\"entry-title main_title\" style=\"text-align: justify;\">El Parque<\/h1>\n<div class=\"entry-content\">\n<p style=\"text-align: justify;\"><span>El Parque de Ocio Los Juncos es una opci\u00f3n de ocio y deporte para toda la familia, ubicado en Molina de Segura, a tan s\u00f3lo 10 minutos de Murcia.<\/span><\/p>\n<p style=\"text-align: justify;\"><span>Nuestras instalaciones est\u00e1n pensadas para el disfrute de ni\u00f1os\/as, j\u00f3venes y sus familiares, as\u00ed como personas con discapacidad ya que contamos con espacios y actividades adaptadas, teniendo personal especializado en su cuidado y acompa\u00f1amiento.<\/span><\/p>\n<p style=\"text-align: justify;\"><span>En el Parque de Ocio Los Juncos encontrar\u00e1s desde la posibilidad de pasear en un entorno agradable, realizar actividades de aventura en nuestra \u00e1rea de multiaventura, celebrar eventos (cumplea\u00f1os, comuniones, comidas de empresa, etc\u2026), participar en actividades deportivas, hasta realizar excursiones para colegios con una capacidad de hasta 300 ni\u00f1os, contando monitores\/as especialistas y con experiencia en Actividades de Animaci\u00f3n y Ocio Infantil.<\/span><\/p>\n<p style=\"text-align: justify;\"><span>Les damos la Bienvenida, y esperamos que disfruten con la visita a nuestras instalaciones.<\/span><\/p>\n<\/div>\n[\/et_pb_text][\/et_pb_column][\/et_pb_row][et_pb_row column_structure=\u00bb1_3,1_3,1_3&#8243; _builder_version=\u00bb4.18.0&#8243; _module_preset=\u00bbdefault\u00bb animation_style=\u00bbfade\u00bb global_colors_info=\u00bb{}\u00bb][et_pb_column type=\u00bb1_3&#8243; _builder_version=\u00bb4.18.0&#8243; _module_preset=\u00bbdefault\u00bb global_colors_info=\u00bb{}\u00bb][et_pb_blurb title=\u00bbEspacio natural\u00bb use_icon=\u00bbon\u00bb font_icon=\u00bb&#xe005;||divi||400&#8243; icon_color=\u00bb#FFFFFF\u00bb image_icon_width=\u00bb65px\u00bb _builder_version=\u00bb4.18.0&#8243; _module_preset=\u00bbdefault\u00bb header_font=\u00bbAnton|700|||||||\u00bb header_text_align=\u00bbcenter\u00bb header_text_color=\u00bb#FFFFFF\u00bb header_font_size=\u00bb22px\u00bb body_font=\u00bbLato||||||||\u00bb body_text_color=\u00bb#FFFFFF\u00bb body_line_height=\u00bb1.5em\u00bb background_enable_color=\u00bboff\u00bb custom_padding=\u00bb0px|0px|0px|0px|false|false\u00bb border_radii=\u00bbon|20px|20px|20px|20px\u00bb global_colors_info=\u00bb{}\u00bb]\n<p style=\"text-align: justify;\"><span>El Parque cuenta con 50.000 m2 de naturaleza en un enclave privilegiado desde donde se puede disfrutar de unas espectaculares vistas de las principales sierras que componen el territorio de la Regi\u00f3n de Murcia.<\/span><\/p>\n[\/et_pb_blurb][\/et_pb_column][et_pb_column type=\u00bb1_3&#8243; _builder_version=\u00bb4.18.0&#8243; _module_preset=\u00bbdefault\u00bb global_colors_info=\u00bb{}\u00bb][et_pb_blurb title=\u00bbDiscapacidad\u00bb use_icon=\u00bbon\u00bb font_icon=\u00bb&#xf368;||fa||400&#8243; icon_color=\u00bb#FFFFFF\u00bb image_icon_width=\u00bb65px\u00bb _builder_version=\u00bb4.18.0&#8243; _module_preset=\u00bbdefault\u00bb header_font=\u00bbAnton|700|||||||\u00bb header_text_align=\u00bbcenter\u00bb header_text_color=\u00bb#FFFFFF\u00bb header_font_size=\u00bb22px\u00bb body_font=\u00bbLato|700|||||||\u00bb body_text_color=\u00bb#FFFFFF\u00bb body_line_height=\u00bb1.5em\u00bb background_enable_color=\u00bboff\u00bb custom_padding=\u00bb0px|0px|0px|0px|false|false\u00bb border_radii=\u00bbon|20px|20px|20px|20px\u00bb global_colors_info=\u00bb{}\u00bb]\n<p style=\"text-align: justify;\"><span>Contamos con espacios y actividades adaptadas, teniendo personal especializado en su cuidado y acompa\u00f1amiento.<\/span><\/p>\n[\/et_pb_blurb][\/et_pb_column][et_pb_column type=\u00bb1_3&#8243; _builder_version=\u00bb4.18.0&#8243; _module_preset=\u00bbdefault\u00bb global_colors_info=\u00bb{}\u00bb][et_pb_blurb title=\u00bbCelebraciones y eventos\u00bb use_icon=\u00bbon\u00bb font_icon=\u00bb&#xf1fd;||fa||900&#8243; icon_color=\u00bb#FFFFFF\u00bb image_icon_width=\u00bb65px\u00bb _builder_version=\u00bb4.18.0&#8243; _module_preset=\u00bbdefault\u00bb header_font=\u00bbAnton|700|||||||\u00bb header_text_align=\u00bbcenter\u00bb header_text_color=\u00bb#FFFFFF\u00bb header_font_size=\u00bb22px\u00bb body_font=\u00bbLato|700|||||||\u00bb body_text_color=\u00bb#FFFFFF\u00bb body_line_height=\u00bb1.5em\u00bb background_enable_color=\u00bboff\u00bb custom_padding=\u00bb0px|0px|0px|0px|false|false\u00bb border_radii=\u00bbon|20px|20px|20px|20px\u00bb global_colors_info=\u00bb{}\u00bb]\n<p style=\"text-align: justify;\"><span>En el Parque podr\u00e1s celebrar todo tipo de eventos (cumplea\u00f1os, comuniones, comidas de empresa, etc\u2026)<\/span><\/p>\n[\/et_pb_blurb][\/et_pb_column][\/et_pb_row][\/et_pb_section][et_pb_section fb_built=\u00bb1&#8243; module_id=\u00bbsomos\u00bb _builder_version=\u00bb4.18.0&#8243; _module_preset=\u00bbdefault\u00bb background_color=\u00bb#e88000&#8243; global_colors_info=\u00bb{}\u00bb][et_pb_row _builder_version=\u00bb4.18.0&#8243; _module_preset=\u00bbdefault\u00bb global_colors_info=\u00bb{}\u00bb][et_pb_column type=\u00bb4_4&#8243; _builder_version=\u00bb4.18.0&#8243; _module_preset=\u00bbdefault\u00bb global_colors_info=\u00bb{}\u00bb][et_pb_text _builder_version=\u00bb4.18.0&#8243; _module_preset=\u00bbdefault\u00bb text_font=\u00bbLato||||||||\u00bb header_font=\u00bbAnton|700|||||||\u00bb header_text_color=\u00bb#FFFFFF\u00bb global_colors_info=\u00bb{}\u00bb]\n<h1>Asociaci\u00f3n Murciana de Rehabilitaci\u00f3n Psicosocial<\/h1>\n[\/et_pb_text][\/et_pb_column][\/et_pb_row][et_pb_row column_structure=\u00bb1_2,1_2&#8243; _builder_version=\u00bb4.18.0&#8243; _module_preset=\u00bbdefault\u00bb global_colors_info=\u00bb{}\u00bb][et_pb_column type=\u00bb1_2&#8243; _builder_version=\u00bb4.18.0&#8243; _module_preset=\u00bbdefault\u00bb global_colors_info=\u00bb{}\u00bb][et_pb_text _builder_version=\u00bb4.18.0&#8243; _module_preset=\u00bbdefault\u00bb text_font=\u00bbLato||||||||\u00bb text_text_color=\u00bb#FFFFFF\u00bb text_font_size=\u00bb15px\u00bb text_line_height=\u00bb1.4em\u00bb header_font=\u00bbLato|700|||||||\u00bb header_text_color=\u00bb#FFFFFF\u00bb header_font_size=\u00bb20px\u00bb global_colors_info=\u00bb{}\u00bb]\n<h1 class=\"entry-title main_title\">\u00bfQui\u00e9nes somos?<\/h1>\n<div class=\"entry-content\">\n<p style=\"text-align: justify;\">La Asociaci\u00f3n Murciana de Rehabilitaci\u00f3n Psicosocial tiene como principal objetivo la reinserci\u00f3n social y laboral de enfermos mentales. A trav\u00e9s de sus talleres ocupacionales se colabora activamente en la construcci\u00f3n del Parque de Ocio Los Juncos, situado en la antigua escombrera de Molina de Segura, y que actualmente cuenta con unas espl\u00e9ndidas instalaciones, en un entorno natural y con unas magn\u00edficas vistas.<br \/>La Asociaci\u00f3n ha constituido entre otras la empresa de inserci\u00f3n sociolaboral \u00abOcio Activo El Chorrico\u00bb, dedicada a explotar dichas instalaciones, a fin de obtener recursos econ\u00f3micos que garanticen el mantenimiento y ampliaci\u00f3n de los Proyectos y Servicios que ya presta.<br \/>Para buen fin de este proyecto, contamos con un grupo de monitores\/as cualificados para organizar Actividades de Animaci\u00f3n y Ocio Infantil, con amplia experiencia y titulaci\u00f3n adecuada para llevar a cabo sus funciones.<\/p>\n<\/div>\n[\/et_pb_text][\/et_pb_column][et_pb_column type=\u00bb1_2&#8243; _builder_version=\u00bb4.18.0&#8243; _module_preset=\u00bbdefault\u00bb global_colors_info=\u00bb{}\u00bb][et_pb_text _builder_version=\u00bb4.18.0&#8243; _module_preset=\u00bbdefault\u00bb text_font=\u00bbLato||||||||\u00bb text_text_color=\u00bb#FFFFFF\u00bb text_font_size=\u00bb15px\u00bb text_line_height=\u00bb1.4em\u00bb header_font=\u00bbLato|700|||||||\u00bb header_text_color=\u00bb#FFFFFF\u00bb header_font_size=\u00bb20px\u00bb global_colors_info=\u00bb{}\u00bb]\n<div class=\"entry-content\">\n<h1><strong>\u00bfComo surge el Parque de Ocio Los Juncos?<\/strong><\/h1>\n<p style=\"text-align: justify;\">\n<p style=\"text-align: justify;\">El Parque de Ocio Los Juncos, es una iniciativa que se pone en marcha a ra\u00edz del Proyecto \u00abIbn Arab\u00ed\u00bb en Mayo de 2005. Siendo cofinanciado por el Fondo Social Europeo, con la participaci\u00f3n de la Consejer\u00eda de Sanidad y Consumo de la Comunidad Aut\u00f3noma de Murcia, Ayuntamiento de Molina de Segura y la Asociaci\u00f3n Murciana de Rehabilitaci\u00f3n Psicosocial, entre otros.<\/p>\n<p style=\"text-align: justify;\">Nuestro objetivo principal es la formaci\u00f3n prelaboral y la creaci\u00f3n de empleo para la inserci\u00f3n sociolaboral de enfermos mentales en tratamiento de rehabilitaci\u00f3n, entre otros, al tiempo que se crea un espacio l\u00fadico, did\u00e1ctico, cultural y en armon\u00eda con la naturaleza.<\/p>\n<p style=\"text-align: justify;\">Adem\u00e1s, para la realizaci\u00f3n de Parque de Ocio Los Juncos, se ha llevado a cabo un importante Proyecto Medioambiental de Regeneraci\u00f3n en un espacio degradado como en la antigua escombrera municipal de Molina de Segura.<\/p>\n<\/div>\n[\/et_pb_text][\/et_pb_column][\/et_pb_row][\/et_pb_section][et_pb_section fb_built=\u00bb1&#8243; fullwidth=\u00bbon\u00bb _builder_version=\u00bb4.18.0&#8243; _module_preset=\u00bbdefault\u00bb custom_margin=\u00bb0px||||false|false\u00bb custom_padding=\u00bb0px||0px||false|false\u00bb locked=\u00bboff\u00bb global_colors_info=\u00bb{}\u00bb][et_pb_fullwidth_slider show_arrows=\u00bboff\u00bb show_pagination=\u00bboff\u00bb use_bg_overlay=\u00bbon\u00bb bg_overlay_color=\u00bbRGBA(255,255,255,0)\u00bb _builder_version=\u00bb4.18.0&#8243; _module_preset=\u00bbdefault\u00bb background_enable_color=\u00bboff\u00bb background_enable_pattern_style=\u00bbon\u00bb background_pattern_style=\u00bbdiagonal-stripes-2&#8243; background_pattern_color=\u00bb#4A00EB\u00bb background_pattern_transform=\u00bbinvert\u00bb background_pattern_repeat_origin=\u00bbcenter\u00bb background_pattern_blend_mode=\u00bbmultiply\u00bb custom_padding=\u00bb300px||300px||false|false\u00bb auto=\u00bbon\u00bb auto_speed=\u00bb3000&#8243; auto_ignore_hover=\u00bbon\u00bb global_colors_info=\u00bb{}\u00bb][et_pb_slide heading=\u00bbTirolina\u00bb _builder_version=\u00bb4.18.0&#8243; _module_preset=\u00bbdefault\u00bb header_font=\u00bbAnton|700|||||||\u00bb header_font_size=\u00bb60px\u00bb background_enable_color=\u00bboff\u00bb background_image=\u00bbhttp:\/\/www.parqueisol.es\/wp-content\/uploads\/2015\/03\/foto-rocodromo.jpg\u00bb background_enable_image=\u00bbon\u00bb global_colors_info=\u00bb{}\u00bb sticky_transition=\u00bbon\u00bb][\/et_pb_slide][et_pb_slide heading=\u00bbTiovivo\u00bb _builder_version=\u00bb4.18.0&#8243; _module_preset=\u00bbdefault\u00bb header_font=\u00bbAnton|700|||||||\u00bb header_font_size=\u00bb60px\u00bb background_enable_color=\u00bboff\u00bb background_image=\u00bbhttp:\/\/www.parqueisol.es\/wp-content\/uploads\/2015\/04\/IMG_2472-800&#215;600.jpg\u00bb background_enable_image=\u00bbon\u00bb global_colors_info=\u00bb{}\u00bb sticky_transition=\u00bbon\u00bb][\/et_pb_slide][et_pb_slide heading=\u00bbCumplea\u00f1os\u00bb _builder_version=\u00bb4.18.0&#8243; _module_preset=\u00bbdefault\u00bb header_font=\u00bbAnton|700|||||||\u00bb header_font_size=\u00bb60px\u00bb background_enable_color=\u00bboff\u00bb background_image=\u00bbhttp:\/\/www.parqueisol.es\/wp-content\/uploads\/2015\/04\/cumple553f4ce70c488.jpg\u00bb background_enable_image=\u00bbon\u00bb global_colors_info=\u00bb{}\u00bb sticky_transition=\u00bbon\u00bb][\/et_pb_slide][et_pb_slide heading=\u00bbComuniones\u00bb _builder_version=\u00bb4.18.0&#8243; _module_preset=\u00bbdefault\u00bb header_font=\u00bbAnton|700|||||||\u00bb header_font_size=\u00bb60px\u00bb background_enable_color=\u00bboff\u00bb background_image=\u00bbhttp:\/\/www.parqueisol.es\/wp-content\/uploads\/2015\/04\/comunion1.JPG\u00bb background_enable_image=\u00bbon\u00bb global_colors_info=\u00bb{}\u00bb sticky_transition=\u00bbon\u00bb][\/et_pb_slide][et_pb_slide heading=\u00bbSumo\u00bb _builder_version=\u00bb4.18.0&#8243; _module_preset=\u00bbdefault\u00bb header_font=\u00bbAnton|700|||||||\u00bb header_font_size=\u00bb60px\u00bb background_enable_color=\u00bboff\u00bb background_image=\u00bbhttp:\/\/www.parqueisol.es\/wp-content\/uploads\/2015\/04\/3.JPG\u00bb background_enable_image=\u00bbon\u00bb global_colors_info=\u00bb{}\u00bb sticky_transition=\u00bbon\u00bb][\/et_pb_slide][et_pb_slide heading=\u00bbCiclocars\u00bb _builder_version=\u00bb4.18.0&#8243; _module_preset=\u00bbdefault\u00bb header_font=\u00bbAnton|700|||||||\u00bb header_font_size=\u00bb60px\u00bb background_enable_color=\u00bboff\u00bb background_image=\u00bbhttp:\/\/www.parqueisol.es\/wp-content\/uploads\/2015\/04\/IMG_4415-800&#215;600.jpg\u00bb background_enable_image=\u00bbon\u00bb global_colors_info=\u00bb{}\u00bb sticky_transition=\u00bbon\u00bb][\/et_pb_slide][et_pb_slide heading=\u00bbToro m\u00e9canico\u00bb _builder_version=\u00bb4.18.0&#8243; _module_preset=\u00bbdefault\u00bb header_font=\u00bbAnton|700|||||||\u00bb header_font_size=\u00bb60px\u00bb background_enable_color=\u00bboff\u00bb background_image=\u00bbhttp:\/\/www.parqueisol.es\/wp-content\/uploads\/2015\/04\/IMG_4412-800&#215;600.jpg\u00bb background_enable_image=\u00bbon\u00bb global_colors_info=\u00bb{}\u00bb sticky_transition=\u00bbon\u00bb][\/et_pb_slide][et_pb_slide heading=\u00bbParque infantil\u00bb _builder_version=\u00bb4.18.0&#8243; _module_preset=\u00bbdefault\u00bb header_font=\u00bbAnton|700|||||||\u00bb header_font_size=\u00bb60px\u00bb background_enable_color=\u00bboff\u00bb background_image=\u00bbhttp:\/\/www.parqueisol.es\/wp-content\/uploads\/2015\/04\/IMG_0358-800&#215;600.jpg\u00bb background_enable_image=\u00bbon\u00bb global_colors_info=\u00bb{}\u00bb sticky_transition=\u00bbon\u00bb][\/et_pb_slide][et_pb_slide heading=\u00bbHinchables\u00bb _builder_version=\u00bb4.18.0&#8243; _module_preset=\u00bbdefault\u00bb header_font=\u00bbAnton|700|||||||\u00bb header_font_size=\u00bb60px\u00bb background_enable_color=\u00bboff\u00bb background_image=\u00bbhttp:\/\/www.parqueisol.es\/wp-content\/uploads\/2015\/04\/IMG_4344.jpg\u00bb background_enable_image=\u00bbon\u00bb global_colors_info=\u00bb{}\u00bb sticky_transition=\u00bbon\u00bb][\/et_pb_slide][et_pb_slide heading=\u00bbPaintball l\u00e1ser\u00bb _builder_version=\u00bb4.18.0&#8243; _module_preset=\u00bbdefault\u00bb header_font=\u00bbAnton|700|||||||\u00bb header_font_size=\u00bb60px\u00bb background_enable_color=\u00bboff\u00bb background_image=\u00bbhttp:\/\/www.parqueisol.es\/wp-content\/uploads\/2015\/04\/IMG_4293-800&#215;600.jpg\u00bb background_enable_image=\u00bbon\u00bb global_colors_info=\u00bb{}\u00bb sticky_transition=\u00bbon\u00bb][\/et_pb_slide][et_pb_slide heading=\u00bbTrenecito\u00bb _builder_version=\u00bb4.18.0&#8243; _module_preset=\u00bbdefault\u00bb header_font=\u00bbAnton|700|||||||\u00bb header_font_size=\u00bb60px\u00bb background_enable_color=\u00bboff\u00bb background_image=\u00bbhttp:\/\/www.parqueisol.es\/wp-content\/uploads\/2015\/04\/IMG_4272-800&#215;600.jpg\u00bb background_enable_image=\u00bbon\u00bb global_colors_info=\u00bb{}\u00bb sticky_transition=\u00bbon\u00bb][\/et_pb_slide][et_pb_slide heading=\u00bbExcursiones colegios\u00bb _builder_version=\u00bb4.18.0&#8243; _module_preset=\u00bbdefault\u00bb header_font=\u00bbAnton|700|||||||\u00bb header_font_size=\u00bb60px\u00bb background_enable_color=\u00bboff\u00bb background_image=\u00bbhttp:\/\/www.parqueisol.es\/wp-content\/uploads\/2015\/04\/IMG_1522.jpg\u00bb background_enable_image=\u00bbon\u00bb global_colors_info=\u00bb{}\u00bb sticky_transition=\u00bbon\u00bb][\/et_pb_slide][et_pb_slide heading=\u00bbDeportes\u00bb _builder_version=\u00bb4.18.0&#8243; _module_preset=\u00bbdefault\u00bb header_font=\u00bbAnton|700|||||||\u00bb header_font_size=\u00bb60px\u00bb background_enable_color=\u00bboff\u00bb background_image=\u00bbhttp:\/\/www.parqueisol.es\/wp-content\/uploads\/2015\/04\/slider-escuelas-web.jpg\u00bb background_enable_image=\u00bbon\u00bb global_colors_info=\u00bb{}\u00bb sticky_transition=\u00bbon\u00bb][\/et_pb_slide][et_pb_slide heading=\u00bbJuegos de exterior\u00bb _builder_version=\u00bb4.18.0&#8243; _module_preset=\u00bbdefault\u00bb header_font=\u00bbAnton|700|||||||\u00bb header_font_size=\u00bb60px\u00bb background_enable_color=\u00bboff\u00bb background_image=\u00bbhttp:\/\/www.parqueisol.es\/wp-content\/uploads\/2015\/04\/fotos-nuevas-031-800&#215;600.jpg\u00bb background_enable_image=\u00bbon\u00bb global_colors_info=\u00bb{}\u00bb sticky_transition=\u00bbon\u00bb][\/et_pb_slide][et_pb_slide heading=\u00bbCelebraci\u00f3n de eventos\u00bb _builder_version=\u00bb4.18.0&#8243; _module_preset=\u00bbdefault\u00bb header_font=\u00bbAnton|700|||||||\u00bb header_font_size=\u00bb60px\u00bb background_enable_color=\u00bboff\u00bb background_image=\u00bbhttp:\/\/www.parqueisol.es\/wp-content\/uploads\/2015\/04\/fiestas.jpg\u00bb background_enable_image=\u00bbon\u00bb global_colors_info=\u00bb{}\u00bb sticky_transition=\u00bbon\u00bb][\/et_pb_slide][\/et_pb_fullwidth_slider][\/et_pb_section][et_pb_section fb_built=\u00bb1&#8243; fullwidth=\u00bbon\u00bb module_id=\u00bbdrilo\u00bb _builder_version=\u00bb4.18.0&#8243; _module_preset=\u00bbdefault\u00bb global_colors_info=\u00bb{}\u00bb][et_pb_fullwidth_header subhead=\u00bb\u00a1\u00a1Ven a divertirte con nosotros!!\u00bb text_orientation=\u00bbcenter\u00bb header_fullscreen=\u00bbon\u00bb button_one_text=\u00bbleer m\u00e1s\u00bb button_one_url=\u00bbhttp:\/\/drilopark.com\u00bb logo_image_url=\u00bbhttp:\/\/www.parqueisol.es\/wp-content\/uploads\/2022\/10\/driloparkludoteca-500&#215;300-1.png\u00bb _builder_version=\u00bb4.18.0&#8243; _module_preset=\u00bbdefault\u00bb title_font=\u00bbAnton|700|||||||\u00bb title_text_align=\u00bbleft\u00bb title_text_color=\u00bb#EDF000&#8243; title_font_size=\u00bb130px\u00bb title_line_height=\u00bb1.2em\u00bb subhead_font=\u00bbAnton||||||||\u00bb subhead_text_align=\u00bbleft\u00bb subhead_font_size=\u00bb50px\u00bb subhead_line_height=\u00bb1.4em\u00bb background_enable_color=\u00bboff\u00bb background_image=\u00bbhttp:\/\/www.parqueisol.es\/wp-content\/uploads\/2022\/10\/Instalaciones-1.jpg\u00bb parallax=\u00bbon\u00bb custom_button_one=\u00bbon\u00bb button_one_text_size=\u00bb16px\u00bb button_one_border_width=\u00bb2px\u00bb button_one_font=\u00bbLato|700|||||||\u00bb custom_padding=\u00bb150px||150px||false|false\u00bb link_option_url_new_window=\u00bbon\u00bb global_colors_info=\u00bb{}\u00bb][\/et_pb_fullwidth_header][\/et_pb_section][et_pb_section fb_built=\u00bb1&#8243; fullwidth=\u00bbon\u00bb module_id=\u00bbmeson\u00bb _builder_version=\u00bb4.18.0&#8243; _module_preset=\u00bbdefault\u00bb global_colors_info=\u00bb{}\u00bb][et_pb_fullwidth_header text_orientation=\u00bbcenter\u00bb header_fullscreen=\u00bbon\u00bb button_one_text=\u00bbleer m\u00e1s\u00bb button_one_url=\u00bbhttps:\/\/mesonasadorlosjuncos.com\u00bb logo_image_url=\u00bbhttp:\/\/www.parqueisol.es\/wp-content\/uploads\/2022\/10\/logo-meson-asador-los-juncos.png\u00bb _builder_version=\u00bb4.18.0&#8243; _module_preset=\u00bbdefault\u00bb background_enable_color=\u00bboff\u00bb background_image=\u00bbhttp:\/\/www.parqueisol.es\/wp-content\/uploads\/2022\/10\/IMG_7324-meson.jpg\u00bb parallax=\u00bbon\u00bb custom_button_one=\u00bbon\u00bb button_one_text_size=\u00bb16px\u00bb button_one_font=\u00bbLato||||||||\u00bb link_option_url_new_window=\u00bbon\u00bb global_colors_info=\u00bb{}\u00bb][\/et_pb_fullwidth_header][\/et_pb_section][et_pb_section fb_built=\u00bb1&#8243; admin_label=\u00bbContact Info\u00bb module_id=\u00bbcontacto\u00bb _builder_version=\u00bb4.18.0&#8243; custom_padding=\u00bb90px||90px|\u00bb locked=\u00bboff\u00bb global_colors_info=\u00bb{}\u00bb][et_pb_row _builder_version=\u00bb4.16&#8243; custom_width_px=\u00bb710px\u00bb global_colors_info=\u00bb{}\u00bb][et_pb_column type=\u00bb4_4&#8243; _builder_version=\u00bb4.16&#8243; background_position=\u00bbtop_left\u00bb custom_padding=\u00bb|||\u00bb global_colors_info=\u00bb{}\u00bb custom_padding__hover=\u00bb|||\u00bb][et_pb_divider color=\u00bb#E02B20&#8243; divider_weight=\u00bb3px\u00bb disabled_on=\u00bboff|off|off\u00bb _builder_version=\u00bb4.18.0&#8243; background_color_gradient_direction=\u00bb90deg\u00bb max_width=\u00bb100px\u00bb module_alignment=\u00bbcenter\u00bb height=\u00bb5px\u00bb custom_margin=\u00bb||20px|\u00bb custom_padding=\u00bb||20px|\u00bb animation_style=\u00bbslide\u00bb animation_direction=\u00bbbottom\u00bb saved_tabs=\u00bball\u00bb locked=\u00bboff\u00bb global_colors_info=\u00bb{}\u00bb][\/et_pb_divider][et_pb_text admin_label=\u00bbContact Section Title\u00bb _builder_version=\u00bb4.18.0&#8243; header_font=\u00bbAnton||||||||\u00bb header_text_color=\u00bb#1f1f1f\u00bb header_font_size=\u00bb36px\u00bb text_orientation=\u00bbcenter\u00bb max_width=\u00bb710px\u00bb module_alignment=\u00bbcenter\u00bb animation_style=\u00bbfold\u00bb animation_direction=\u00bbbottom\u00bb animation_intensity_fold=\u00bb20%\u00bb global_colors_info=\u00bb{}\u00bb]\n<h1>Contacto<\/h1>\n[\/et_pb_text][\/et_pb_column][\/et_pb_row][et_pb_row column_structure=\u00bb1_3,1_3,1_3&#8243; _builder_version=\u00bb4.16&#8243; background_size=\u00bbinitial\u00bb background_position=\u00bbtop_left\u00bb background_repeat=\u00bbrepeat\u00bb custom_padding=\u00bb80px|||\u00bb locked=\u00bboff\u00bb global_colors_info=\u00bb{}\u00bb][et_pb_column type=\u00bb1_3&#8243; _builder_version=\u00bb4.16&#8243; background_position=\u00bbtop_left\u00bb custom_padding=\u00bb|||\u00bb global_colors_info=\u00bb{}\u00bb custom_padding__hover=\u00bb|||\u00bb][et_pb_blurb title=\u00bbDirecci\u00f3n\u00bb use_icon=\u00bbon\u00bb font_icon=\u00bb&#xe081;||divi||400&#8243; icon_color=\u00bb#0C71C3&#8243; image_icon_width=\u00bb60px\u00bb image_icon_width_last_edited=\u00bboff|desktop\u00bb admin_label=\u00bbAddress\u00bb _builder_version=\u00bb4.18.0&#8243; header_font=\u00bbAnton||||||||\u00bb header_text_color=\u00bb#1f1f1f\u00bb header_font_size=\u00bb20px\u00bb header_line_height=\u00bb1.8em\u00bb body_font=\u00bbAnton||||||||\u00bb body_text_color=\u00bb#E02B20&#8243; body_font_size=\u00bb25px\u00bb body_line_height=\u00bb1.4em\u00bb text_orientation=\u00bbcenter\u00bb custom_margin=\u00bb|||\u00bb custom_padding=\u00bb30px|30px|30px|30px\u00bb animation_style=\u00bbfold\u00bb animation_direction=\u00bbbottom\u00bb animation_intensity_fold=\u00bb30%\u00bb border_width_all=\u00bb0px\u00bb border_color_all=\u00bb#e0e0e0&#8243; border_style_all=\u00bbsolid\u00bb use_border_color=\u00bbon\u00bb border_color=\u00bb#e0e0e0&#8243; icon_font_size=\u00bb60px\u00bb icon_font_size_last_edited=\u00bboff|desktop\u00bb locked=\u00bboff\u00bb global_colors_info=\u00bb{}\u00bb]\n<p>Ctra. del Chorrico, s\/n.<br \/>30500. Molina de Segura (Murcia)<\/p>\n[\/et_pb_blurb][\/et_pb_column][et_pb_column type=\u00bb1_3&#8243; _builder_version=\u00bb4.16&#8243; background_position=\u00bbtop_left\u00bb custom_padding=\u00bb|||\u00bb global_colors_info=\u00bb{}\u00bb custom_padding__hover=\u00bb|||\u00bb][et_pb_blurb title=\u00bbTel\u00e9fono\u00bb use_icon=\u00bbon\u00bb font_icon=\u00bb&#xe00b;||divi||400&#8243; icon_color=\u00bb#0C71C3&#8243; image_icon_width=\u00bb60px\u00bb image_icon_width_last_edited=\u00bboff|desktop\u00bb _builder_version=\u00bb4.18.0&#8243; header_font=\u00bbAnton||||||||\u00bb header_text_color=\u00bb#000000&#8243; header_font_size=\u00bb20px\u00bb header_line_height=\u00bb1.8em\u00bb body_font=\u00bbAnton||||||||\u00bb body_text_color=\u00bb#E02B20&#8243; body_font_size=\u00bb25px\u00bb body_line_height=\u00bb1.4em\u00bb text_orientation=\u00bbcenter\u00bb custom_margin=\u00bb|||\u00bb custom_padding=\u00bb30px|30px|30px|30px\u00bb animation_style=\u00bbfold\u00bb animation_direction=\u00bbbottom\u00bb animation_delay=\u00bb100ms\u00bb animation_intensity_fold=\u00bb30%\u00bb border_width_all=\u00bb0px\u00bb border_color_all=\u00bb#e0e0e0&#8243; border_style_all=\u00bbsolid\u00bb use_border_color=\u00bbon\u00bb border_color=\u00bb#e0e0e0&#8243; icon_font_size=\u00bb60px\u00bb icon_font_size_last_edited=\u00bboff|desktop\u00bb locked=\u00bboff\u00bb global_colors_info=\u00bb{}\u00bb]\n<p>618 818 202<br \/>625 715 071<br \/>625 714 071<\/p>\n[\/et_pb_blurb][\/et_pb_column][et_pb_column type=\u00bb1_3&#8243; _builder_version=\u00bb4.16&#8243; background_position=\u00bbtop_left\u00bb custom_padding=\u00bb|||\u00bb global_colors_info=\u00bb{}\u00bb custom_padding__hover=\u00bb|||\u00bb][et_pb_blurb title=\u00bbEmail\u00bb use_icon=\u00bbon\u00bb font_icon=\u00bb&#xe076;||divi||400&#8243; icon_color=\u00bb#0C71C3&#8243; image_icon_width=\u00bb60px\u00bb image_icon_width_last_edited=\u00bboff|desktop\u00bb admin_label=\u00bbEmail\u00bb _builder_version=\u00bb4.18.0&#8243; header_font=\u00bbAnton||||||||\u00bb header_text_color=\u00bb#1f1f1f\u00bb header_font_size=\u00bb20px\u00bb header_line_height=\u00bb1.8em\u00bb body_font=\u00bbAnton||||||||\u00bb body_text_color=\u00bb#E02B20&#8243; body_font_size=\u00bb20px\u00bb body_line_height=\u00bb1.9em\u00bb text_orientation=\u00bbcenter\u00bb custom_margin=\u00bb|||\u00bb custom_padding=\u00bb30px|30px|30px|30px\u00bb animation_style=\u00bbfold\u00bb animation_direction=\u00bbbottom\u00bb animation_delay=\u00bb200ms\u00bb animation_intensity_fold=\u00bb30%\u00bb border_width_all=\u00bb0px\u00bb border_color_all=\u00bb#e0e0e0&#8243; border_style_all=\u00bbsolid\u00bb use_border_color=\u00bbon\u00bb border_color=\u00bb#e0e0e0&#8243; icon_font_size=\u00bb60px\u00bb icon_font_size_last_edited=\u00bboff|desktop\u00bb locked=\u00bboff\u00bb global_colors_info=\u00bb{}\u00bb]\n<p>info@drilopark.com<\/p>\n[\/et_pb_blurb][\/et_pb_column][\/et_pb_row][\/et_pb_section][et_pb_section fb_built=\u00bb1&#8243; fullwidth=\u00bbon\u00bb admin_label=\u00bbMap\u00bb module_id=\u00bbllegar\u00bb _builder_version=\u00bb4.18.0&#8243; locked=\u00bboff\u00bb global_colors_info=\u00bb{}\u00bb][et_pb_fullwidth_map address=\u00bbAv. del Chorrico, 24H, 30500 Molina de Segura, Murcia, Espa\u00f1a\u00bb address_lat=\u00bb38.0615776&#8243; address_lng=\u00bb-1.1972278&#8243; mouse_wheel=\u00bboff\u00bb _builder_version=\u00bb4.18.0&#8243; global_colors_info=\u00bb{}\u00bb][et_pb_map_pin title=\u00bbCarretera del Chorrico, s\/n. 30500 Molina de Segura Murcia\u00bb pin_address=\u00bbAv. del Chorrico, 24h, 30500 Molina de Segura, Murcia, Espa\u00f1a\u00bb pin_address_lat=\u00bb38.062121&#8243; pin_address_lng=\u00bb-1.1945362&#8243; _builder_version=\u00bb4.18.0&#8243; global_colors_info=\u00bb{}\u00bb][\/et_pb_map_pin][\/et_pb_fullwidth_map][\/et_pb_section]\n","protected":false},"excerpt":{"rendered":"<p>El Parque El Parque de Ocio Los Juncos es una opci\u00f3n de ocio y deporte para toda la familia, ubicado en Molina de Segura, a tan s\u00f3lo 10 minutos de Murcia. Nuestras instalaciones est\u00e1n pensadas para el disfrute de ni\u00f1os\/as, j\u00f3venes y sus familiares, as\u00ed como personas con discapacidad ya que contamos con espacios y [&hellip;]<\/p>\n","protected":false},"author":1,"featured_media":0,"parent":0,"menu_order":0,"comment_status":"closed","ping_status":"closed","template":"","meta":{"_et_pb_use_builder":"on","_et_pb_old_content":"","_et_gb_content_width":"","footnotes":""},"_links":{"self":[{"href":"https:\/\/www.parqueisol.es\/index.php?rest_route=\/wp\/v2\/pages\/713"}],"collection":[{"href":"https:\/\/www.parqueisol.es\/index.php?rest_route=\/wp\/v2\/pages"}],"about":[{"href":"https:\/\/www.parqueisol.es\/index.php?rest_route=\/wp\/v2\/types\/page"}],"author":[{"embeddable":true,"href":"https:\/\/www.parqueisol.es\/index.php?rest_route=\/wp\/v2\/users\/1"}],"replies":[{"embeddable":true,"href":"https:\/\/www.parqueisol.es\/index.php?rest_route=%2Fwp%2Fv2%2Fcomments&post=713"}],"version-history":[{"count":95,"href":"https:\/\/www.parqueisol.es\/index.php?rest_route=\/wp\/v2\/pages\/713\/revisions"}],"predecessor-version":[{"id":962,"href":"https:\/\/www.parqueisol.es\/index.php?rest_route=\/wp\/v2\/pages\/713\/revisions\/962"}],"wp:attachment":[{"href":"https:\/\/www.parqueisol.es\/index.php?rest_route=%2Fwp%2Fv2%2Fmedia&parent=713"}],"curies":[{"name":"wp","href":"https:\/\/api.w.org\/{rel}","templated":true}]}}